{"id":157,"date":"2023-03-06T20:39:35","date_gmt":"2023-03-06T19:39:35","guid":{"rendered":"https:\/\/alarrachefestival.fr\/?page_id=157"},"modified":"2026-01-26T17:18:49","modified_gmt":"2026-01-26T16:18:49","slug":"le-festival","status":"publish","type":"page","link":"https:\/\/alarrachefestival.fr\/index.php\/le-festival\/","title":{"rendered":"Le festival"},"content":{"rendered":"\n<h1 class=\"wp-block-heading has-text-align-center has-primary-color has-text-color has-allison-font-family\" style=\"font-size:100px\">Qui sommes-nous ?&nbsp;<\/h1>\n\n\n\n<div class=\"wp-block-columns is-layout-flex wp-container-core-columns-is-layout-28f84493 wp-block-columns-is-layout-flex\">\n<div class=\"wp-block-column is-layout-flow wp-block-column-is-layout-flow\">\n<figure class=\"wp-block-image size-large\"><img loading=\"lazy\" decoding=\"async\" width=\"1024\" height=\"683\" src=\"https:\/\/alarrachefestival.fr\/wp-content\/uploads\/2024\/02\/IMG_4128-edited-1024x683.jpg\" alt=\"\" class=\"wp-image-828\" srcset=\"https:\/\/alarrachefestival.fr\/wp-content\/uploads\/2024\/02\/IMG_4128-edited-1024x683.jpg 1024w, https:\/\/alarrachefestival.fr\/wp-content\/uploads\/2024\/02\/IMG_4128-edited-300x200.jpg 300w, https:\/\/alarrachefestival.fr\/wp-content\/uploads\/2024\/02\/IMG_4128-edited-768x512.jpg 768w, https:\/\/alarrachefestival.fr\/wp-content\/uploads\/2024\/02\/IMG_4128-edited-1536x1024.jpg 1536w, https:\/\/alarrachefestival.fr\/wp-content\/uploads\/2024\/02\/IMG_4128-edited-2048x1365.jpg 2048w\" sizes=\"auto, (max-width: 1024px) 100vw, 1024px\" \/><\/figure>\n<\/div>\n\n\n\n<div class=\"wp-block-column is-layout-flow wp-block-column-is-layout-flow\">\n<p class=\"has-text-align-center\">Le A L&#8217;Arrache Festival est issu de l\u2019id\u00e9e de 2 amis : cr\u00e9er un \u00e9v\u00e9nement musical festif marquant la fin de l\u2019\u00e9t\u00e9 \u00e0 Verdun.&nbsp;<\/p>\n\n\n\n<p class=\"has-text-align-center\">L&#8217;organisation rocambolesque de la 1\u00e8re \u00e9dition en \u00e0 peine deux mois donna son nom au festival.<\/p>\n\n\n\n<p class=\"has-text-align-center\">A L&#8217;Arrache Festival est un \u00e9v\u00e9nement port\u00e9 par des b\u00e9n\u00e9voles de l&#8217;association <a href=\"https:\/\/lafabrikartistique.fr\/\">La Fabrik Artistique<\/a>. <\/p>\n<\/div>\n<\/div>\n\n\n\n<hr class=\"wp-block-separator has-text-color has-primary-color has-alpha-channel-opacity has-primary-background-color has-background is-style-dots\" style=\"margin-top:0;margin-bottom:0\"\/>\n\n\n\n<div class=\"wp-block-cover\"><img loading=\"lazy\" decoding=\"async\" width=\"2560\" height=\"1707\" class=\"wp-block-cover__image-background wp-image-947\" alt=\"\" src=\"https:\/\/alarrachefestival.fr\/wp-content\/uploads\/2024\/03\/A-lArrache-Festival-2023-51-scaled.jpg\" style=\"object-position:58% 75%\" data-object-fit=\"cover\" data-object-position=\"58% 75%\" srcset=\"https:\/\/alarrachefestival.fr\/wp-content\/uploads\/2024\/03\/A-lArrache-Festival-2023-51-scaled.jpg 2560w, https:\/\/alarrachefestival.fr\/wp-content\/uploads\/2024\/03\/A-lArrache-Festival-2023-51-300x200.jpg 300w, https:\/\/alarrachefestival.fr\/wp-content\/uploads\/2024\/03\/A-lArrache-Festival-2023-51-1024x683.jpg 1024w, https:\/\/alarrachefestival.fr\/wp-content\/uploads\/2024\/03\/A-lArrache-Festival-2023-51-768x512.jpg 768w, https:\/\/alarrachefestival.fr\/wp-content\/uploads\/2024\/03\/A-lArrache-Festival-2023-51-1536x1024.jpg 1536w, https:\/\/alarrachefestival.fr\/wp-content\/uploads\/2024\/03\/A-lArrache-Festival-2023-51-2048x1365.jpg 2048w\" sizes=\"auto, (max-width: 2560px) 100vw, 2560px\" \/><span aria-hidden=\"true\" class=\"wp-block-cover__background has-background-dim\"><\/span><div class=\"wp-block-cover__inner-container is-layout-flow wp-block-cover-is-layout-flow\">\n<p class=\"has-text-align-center has-large-font-size\">L&#8217;aventure A L&#8217;Arrache<\/p>\n\n\n\n<p class=\"has-text-align-center\">Au A L&#8217;Arrache Festival, nous avons \u00e0 coeur de faire rayonner la culture de notre r\u00e9gion.<\/p>\n\n\n\n<p class=\"has-text-align-center\">Le temps de deux soir\u00e9es riches en d\u00e9couvertes musicales, le Festival r\u00e9unit des artistes, des artisans et des exposants du Grand Est. Notre programmation offre chaque soir un m\u00e9lange des genres et une 2e sc\u00e8ne tremplin pour les groupes locaux \u00e9mergents.<\/p>\n\n\n\n<p class=\"has-text-align-center\">Cette manifestation culturelle unique au c\u0153ur de la ville de Verdun accueille un public interg\u00e9n\u00e9rationnel dans une atmosph\u00e8re familiale et conviviale. Apr\u00e8s 170 spectateurs en 2022, la seconde \u00e9dition du A L&#8217;Arrache Festival a rassembl\u00e9 pr\u00e8s de 800 festivaliers.<\/p>\n<\/div><\/div>\n\n\n\n<hr class=\"wp-block-separator has-text-color has-primary-color has-alpha-channel-opacity has-primary-background-color has-background is-style-dots\" style=\"margin-top:0;margin-bottom:0\"\/>\n\n\n\n<div class=\"wp-block-columns is-layout-flex wp-container-core-columns-is-layout-28f84493 wp-block-columns-is-layout-flex\">\n<div class=\"wp-block-column is-layout-flow wp-block-column-is-layout-flow\">\n<figure class=\"wp-block-image size-large is-style-default\"><img decoding=\"async\" src=\"https:\/\/alarrachefestival.fr\/wp-content\/uploads\/2023\/03\/IMG_4123-1024x683.jpg\" alt=\"\"\/><figcaption class=\"wp-element-caption\">Nos b\u00e9n\u00e9voles !<\/figcaption><\/figure>\n<\/div>\n\n\n\n<div class=\"wp-block-column is-layout-flow wp-block-column-is-layout-flow\">\n<div class=\"wp-block-group has-global-padding is-layout-constrained wp-block-group-is-layout-constrained\">\n<p class=\"has-text-align-center has-large-font-size\">La Famille A L&#8217;Arrache<\/p>\n\n\n\n<p class=\"has-text-align-center\">Le festival A L&#8217;Arrache est un travail collectif, rassemblant le meilleur de nos adh\u00e9rents, de nos b\u00e9n\u00e9voles, et des acteurs du territoire meusien.<\/p>\n\n\n\n<p class=\"has-text-align-center\">Un groupe d&#8217;une dizaine de personnes motiv\u00e9es dirige ce projet.<\/p>\n<\/div>\n<\/div>\n<\/div>\n\n\n\n<div class=\"wp-block-cover\" style=\"min-height:291px;aspect-ratio:unset;\"><img loading=\"lazy\" decoding=\"async\" width=\"2560\" height=\"1702\" class=\"wp-block-cover__image-background wp-image-601\" alt=\"\" src=\"https:\/\/alarrachefestival.fr\/wp-content\/uploads\/2023\/03\/Verdun_La_Meuse_1616080579-scaled.jpg\" style=\"object-position:49% 26%\" data-object-fit=\"cover\" data-object-position=\"49% 26%\" srcset=\"https:\/\/alarrachefestival.fr\/wp-content\/uploads\/2023\/03\/Verdun_La_Meuse_1616080579-scaled.jpg 2560w, https:\/\/alarrachefestival.fr\/wp-content\/uploads\/2023\/03\/Verdun_La_Meuse_1616080579-300x199.jpg 300w, https:\/\/alarrachefestival.fr\/wp-content\/uploads\/2023\/03\/Verdun_La_Meuse_1616080579-1024x681.jpg 1024w, https:\/\/alarrachefestival.fr\/wp-content\/uploads\/2023\/03\/Verdun_La_Meuse_1616080579-768x511.jpg 768w, https:\/\/alarrachefestival.fr\/wp-content\/uploads\/2023\/03\/Verdun_La_Meuse_1616080579-1536x1021.jpg 1536w, https:\/\/alarrachefestival.fr\/wp-content\/uploads\/2023\/03\/Verdun_La_Meuse_1616080579-2048x1362.jpg 2048w\" sizes=\"auto, (max-width: 2560px) 100vw, 2560px\" \/><span aria-hidden=\"true\" class=\"wp-block-cover__background has-background-dim\"><\/span><div class=\"wp-block-cover__inner-container has-global-padding is-layout-constrained wp-block-cover-is-layout-constrained\">\n<p class=\"has-text-align-center\">Au A L&#8217;Arrache Festival, nous sommes convaincus du potentiel culturel de notre beau d\u00e9partement, alors nous voulons le partager \u00e0 tous.&nbsp;<\/p>\n\n\n\n<div style=\"height:13px\" aria-hidden=\"true\" class=\"wp-block-spacer\"><\/div>\n\n\n\n<p class=\"has-text-align-center\"><strong>Et puis &#8230; Tout est toujours plus sympa, agr\u00e9able et aventureux quand c&#8217;est fait A L&#8217;Arrache ! Alors vous aussi, vivez une aventure A L&#8217;Arrache ! <\/strong><\/p>\n<\/div><\/div>\n\n\n\n<div class=\"wp-block-group has-global-padding is-layout-constrained wp-block-group-is-layout-constrained\">\n\n\n<div class=\"wp-block-buttons is-content-justification-center is-layout-flex wp-container-core-buttons-is-layout-a89b3969 wp-block-buttons-is-layout-flex\">\n<div class=\"wp-block-button is-style-fill\"><a class=\"wp-block-button__link wp-element-button\" href=\"https:\/\/alarrachefestival.fr\/index.php\/galerie\/\">Revivre les \u00e9ditions pass\u00e9es<\/a><\/div>\n<\/div>\n<\/div>\n\n\n\n<p><\/p>\n","protected":false},"excerpt":{"rendered":"<p> [&hellip;]<\/p>\n","protected":false},"author":3,"featured_media":0,"parent":0,"menu_order":0,"comment_status":"closed","ping_status":"closed","template":"","meta":{"footnotes":""},"class_list":["post-157","page","type-page","status-publish","hentry"],"yoast_head":"<!-- This site is optimized with the Yoast SEO plugin v27.5 - https:\/\/yoast.com\/product\/yoast-seo-wordpress\/ -->\n<title>Le festival - A L&#039;ARRACHE FESTIVAL<\/title>\n<meta name=\"description\" content=\"A L&#039;Arrache Festival, le festival \u00e0 Verdun, cr\u00e9\u00e9 par une association de passionn\u00e9s et d&#039;amoureux de leur belle r\u00e9gion. Venez les d\u00e9couvrir.\" \/>\n<meta name=\"robots\" content=\"index, follow, max-snippet:-1, max-image-preview:large, max-video-preview:-1\" \/>\n<link rel=\"canonical\" href=\"https:\/\/alarrachefestival.fr\/index.php\/le-festival\/\" \/>\n<meta property=\"og:locale\" content=\"fr_FR\" \/>\n<meta property=\"og:type\" content=\"article\" \/>\n<meta property=\"og:title\" content=\"Le festival - A L&#039;ARRACHE FESTIVAL\" \/>\n<meta property=\"og:description\" content=\"A L&#039;Arrache Festival, le festival \u00e0 Verdun, cr\u00e9\u00e9 par une association de passionn\u00e9s et d&#039;amoureux de leur belle r\u00e9gion. Venez les d\u00e9couvrir.\" \/>\n<meta property=\"og:url\" content=\"https:\/\/alarrachefestival.fr\/index.php\/le-festival\/\" \/>\n<meta property=\"og:site_name\" content=\"A L&#039;ARRACHE FESTIVAL\" \/>\n<meta property=\"article:modified_time\" content=\"2026-01-26T16:18:49+00:00\" \/>\n<meta property=\"og:image\" content=\"https:\/\/alarrachefestival.fr\/wp-content\/uploads\/2024\/02\/IMG_4128-edited-scaled.jpg\" \/>\n\t<meta property=\"og:image:width\" content=\"2560\" \/>\n\t<meta property=\"og:image:height\" content=\"1706\" \/>\n\t<meta property=\"og:image:type\" content=\"image\/jpeg\" \/>\n<meta name=\"twitter:card\" content=\"summary_large_image\" \/>\n<meta name=\"twitter:label1\" content=\"Dur\u00e9e de lecture estim\u00e9e\" \/>\n\t<meta name=\"twitter:data1\" content=\"3 minutes\" \/>\n<script type=\"application\/ld+json\" class=\"yoast-schema-graph\">{\"@context\":\"https:\\\/\\\/schema.org\",\"@graph\":[{\"@type\":\"WebPage\",\"@id\":\"https:\\\/\\\/alarrachefestival.fr\\\/index.php\\\/le-festival\\\/\",\"url\":\"https:\\\/\\\/alarrachefestival.fr\\\/index.php\\\/le-festival\\\/\",\"name\":\"Le festival - A L&#039;ARRACHE FESTIVAL\",\"isPartOf\":{\"@id\":\"https:\\\/\\\/alarrachefestival.fr\\\/#website\"},\"primaryImageOfPage\":{\"@id\":\"https:\\\/\\\/alarrachefestival.fr\\\/index.php\\\/le-festival\\\/#primaryimage\"},\"image\":{\"@id\":\"https:\\\/\\\/alarrachefestival.fr\\\/index.php\\\/le-festival\\\/#primaryimage\"},\"thumbnailUrl\":\"https:\\\/\\\/alarrachefestival.fr\\\/wp-content\\\/uploads\\\/2024\\\/02\\\/IMG_4128-edited-1024x683.jpg\",\"datePublished\":\"2023-03-06T19:39:35+00:00\",\"dateModified\":\"2026-01-26T16:18:49+00:00\",\"description\":\"A L'Arrache Festival, le festival \u00e0 Verdun, cr\u00e9\u00e9 par une association de passionn\u00e9s et d'amoureux de leur belle r\u00e9gion. Venez les d\u00e9couvrir.\",\"breadcrumb\":{\"@id\":\"https:\\\/\\\/alarrachefestival.fr\\\/index.php\\\/le-festival\\\/#breadcrumb\"},\"inLanguage\":\"fr-FR\",\"potentialAction\":[{\"@type\":\"ReadAction\",\"target\":[\"https:\\\/\\\/alarrachefestival.fr\\\/index.php\\\/le-festival\\\/\"]}]},{\"@type\":\"ImageObject\",\"inLanguage\":\"fr-FR\",\"@id\":\"https:\\\/\\\/alarrachefestival.fr\\\/index.php\\\/le-festival\\\/#primaryimage\",\"url\":\"https:\\\/\\\/alarrachefestival.fr\\\/wp-content\\\/uploads\\\/2024\\\/02\\\/IMG_4128-edited-scaled.jpg\",\"contentUrl\":\"https:\\\/\\\/alarrachefestival.fr\\\/wp-content\\\/uploads\\\/2024\\\/02\\\/IMG_4128-edited-scaled.jpg\",\"width\":2560,\"height\":1706},{\"@type\":\"BreadcrumbList\",\"@id\":\"https:\\\/\\\/alarrachefestival.fr\\\/index.php\\\/le-festival\\\/#breadcrumb\",\"itemListElement\":[{\"@type\":\"ListItem\",\"position\":1,\"name\":\"Accueil\",\"item\":\"https:\\\/\\\/alarrachefestival.fr\\\/\"},{\"@type\":\"ListItem\",\"position\":2,\"name\":\"Le festival\"}]},{\"@type\":\"WebSite\",\"@id\":\"https:\\\/\\\/alarrachefestival.fr\\\/#website\",\"url\":\"https:\\\/\\\/alarrachefestival.fr\\\/\",\"name\":\"A L&#039;ARRACHE FESTIVAL\",\"description\":\"D\u00e9couvrez le festival \u00e0 l&#039;arrache !\",\"publisher\":{\"@id\":\"https:\\\/\\\/alarrachefestival.fr\\\/#organization\"},\"potentialAction\":[{\"@type\":\"SearchAction\",\"target\":{\"@type\":\"EntryPoint\",\"urlTemplate\":\"https:\\\/\\\/alarrachefestival.fr\\\/?s={search_term_string}\"},\"query-input\":{\"@type\":\"PropertyValueSpecification\",\"valueRequired\":true,\"valueName\":\"search_term_string\"}}],\"inLanguage\":\"fr-FR\"},{\"@type\":\"Organization\",\"@id\":\"https:\\\/\\\/alarrachefestival.fr\\\/#organization\",\"name\":\"A l'Arrache Festival\",\"url\":\"https:\\\/\\\/alarrachefestival.fr\\\/\",\"logo\":{\"@type\":\"ImageObject\",\"inLanguage\":\"fr-FR\",\"@id\":\"https:\\\/\\\/alarrachefestival.fr\\\/#\\\/schema\\\/logo\\\/image\\\/\",\"url\":\"https:\\\/\\\/alarrachefestival.fr\\\/wp-content\\\/uploads\\\/2023\\\/01\\\/logo-larrache.png\",\"contentUrl\":\"https:\\\/\\\/alarrachefestival.fr\\\/wp-content\\\/uploads\\\/2023\\\/01\\\/logo-larrache.png\",\"width\":2089,\"height\":1329,\"caption\":\"A l'Arrache Festival\"},\"image\":{\"@id\":\"https:\\\/\\\/alarrachefestival.fr\\\/#\\\/schema\\\/logo\\\/image\\\/\"}}]}<\/script>\n<!-- \/ Yoast SEO plugin. -->","yoast_head_json":{"title":"Le festival - A L&#039;ARRACHE FESTIVAL","description":"A L'Arrache Festival, le festival \u00e0 Verdun, cr\u00e9\u00e9 par une association de passionn\u00e9s et d'amoureux de leur belle r\u00e9gion. Venez les d\u00e9couvrir.","robots":{"index":"index","follow":"follow","max-snippet":"max-snippet:-1","max-image-preview":"max-image-preview:large","max-video-preview":"max-video-preview:-1"},"canonical":"https:\/\/alarrachefestival.fr\/index.php\/le-festival\/","og_locale":"fr_FR","og_type":"article","og_title":"Le festival - A L&#039;ARRACHE FESTIVAL","og_description":"A L'Arrache Festival, le festival \u00e0 Verdun, cr\u00e9\u00e9 par une association de passionn\u00e9s et d'amoureux de leur belle r\u00e9gion. Venez les d\u00e9couvrir.","og_url":"https:\/\/alarrachefestival.fr\/index.php\/le-festival\/","og_site_name":"A L&#039;ARRACHE FESTIVAL","article_modified_time":"2026-01-26T16:18:49+00:00","og_image":[{"width":2560,"height":1706,"url":"https:\/\/alarrachefestival.fr\/wp-content\/uploads\/2024\/02\/IMG_4128-edited-scaled.jpg","type":"image\/jpeg"}],"twitter_card":"summary_large_image","twitter_misc":{"Dur\u00e9e de lecture estim\u00e9e":"3 minutes"},"schema":{"@context":"https:\/\/schema.org","@graph":[{"@type":"WebPage","@id":"https:\/\/alarrachefestival.fr\/index.php\/le-festival\/","url":"https:\/\/alarrachefestival.fr\/index.php\/le-festival\/","name":"Le festival - A L&#039;ARRACHE FESTIVAL","isPartOf":{"@id":"https:\/\/alarrachefestival.fr\/#website"},"primaryImageOfPage":{"@id":"https:\/\/alarrachefestival.fr\/index.php\/le-festival\/#primaryimage"},"image":{"@id":"https:\/\/alarrachefestival.fr\/index.php\/le-festival\/#primaryimage"},"thumbnailUrl":"https:\/\/alarrachefestival.fr\/wp-content\/uploads\/2024\/02\/IMG_4128-edited-1024x683.jpg","datePublished":"2023-03-06T19:39:35+00:00","dateModified":"2026-01-26T16:18:49+00:00","description":"A L'Arrache Festival, le festival \u00e0 Verdun, cr\u00e9\u00e9 par une association de passionn\u00e9s et d'amoureux de leur belle r\u00e9gion. Venez les d\u00e9couvrir.","breadcrumb":{"@id":"https:\/\/alarrachefestival.fr\/index.php\/le-festival\/#breadcrumb"},"inLanguage":"fr-FR","potentialAction":[{"@type":"ReadAction","target":["https:\/\/alarrachefestival.fr\/index.php\/le-festival\/"]}]},{"@type":"ImageObject","inLanguage":"fr-FR","@id":"https:\/\/alarrachefestival.fr\/index.php\/le-festival\/#primaryimage","url":"https:\/\/alarrachefestival.fr\/wp-content\/uploads\/2024\/02\/IMG_4128-edited-scaled.jpg","contentUrl":"https:\/\/alarrachefestival.fr\/wp-content\/uploads\/2024\/02\/IMG_4128-edited-scaled.jpg","width":2560,"height":1706},{"@type":"BreadcrumbList","@id":"https:\/\/alarrachefestival.fr\/index.php\/le-festival\/#breadcrumb","itemListElement":[{"@type":"ListItem","position":1,"name":"Accueil","item":"https:\/\/alarrachefestival.fr\/"},{"@type":"ListItem","position":2,"name":"Le festival"}]},{"@type":"WebSite","@id":"https:\/\/alarrachefestival.fr\/#website","url":"https:\/\/alarrachefestival.fr\/","name":"A L&#039;ARRACHE FESTIVAL","description":"D\u00e9couvrez le festival \u00e0 l&#039;arrache !","publisher":{"@id":"https:\/\/alarrachefestival.fr\/#organization"},"potentialAction":[{"@type":"SearchAction","target":{"@type":"EntryPoint","urlTemplate":"https:\/\/alarrachefestival.fr\/?s={search_term_string}"},"query-input":{"@type":"PropertyValueSpecification","valueRequired":true,"valueName":"search_term_string"}}],"inLanguage":"fr-FR"},{"@type":"Organization","@id":"https:\/\/alarrachefestival.fr\/#organization","name":"A l'Arrache Festival","url":"https:\/\/alarrachefestival.fr\/","logo":{"@type":"ImageObject","inLanguage":"fr-FR","@id":"https:\/\/alarrachefestival.fr\/#\/schema\/logo\/image\/","url":"https:\/\/alarrachefestival.fr\/wp-content\/uploads\/2023\/01\/logo-larrache.png","contentUrl":"https:\/\/alarrachefestival.fr\/wp-content\/uploads\/2023\/01\/logo-larrache.png","width":2089,"height":1329,"caption":"A l'Arrache Festival"},"image":{"@id":"https:\/\/alarrachefestival.fr\/#\/schema\/logo\/image\/"}}]}},"_links":{"self":[{"href":"https:\/\/alarrachefestival.fr\/index.php\/wp-json\/wp\/v2\/pages\/157","targetHints":{"allow":["GET"]}}],"collection":[{"href":"https:\/\/alarrachefestival.fr\/index.php\/wp-json\/wp\/v2\/pages"}],"about":[{"href":"https:\/\/alarrachefestival.fr\/index.php\/wp-json\/wp\/v2\/types\/page"}],"author":[{"embeddable":true,"href":"https:\/\/alarrachefestival.fr\/index.php\/wp-json\/wp\/v2\/users\/3"}],"replies":[{"embeddable":true,"href":"https:\/\/alarrachefestival.fr\/index.php\/wp-json\/wp\/v2\/comments?post=157"}],"version-history":[{"count":20,"href":"https:\/\/alarrachefestival.fr\/index.php\/wp-json\/wp\/v2\/pages\/157\/revisions"}],"predecessor-version":[{"id":1368,"href":"https:\/\/alarrachefestival.fr\/index.php\/wp-json\/wp\/v2\/pages\/157\/revisions\/1368"}],"wp:attachment":[{"href":"https:\/\/alarrachefestival.fr\/index.php\/wp-json\/wp\/v2\/media?parent=157"}],"curies":[{"name":"wp","href":"https:\/\/api.w.org\/{rel}","templated":true}]}}